{"id":57371,"date":"2026-01-20T18:47:10","date_gmt":"2026-01-20T17:47:10","guid":{"rendered":"https:\/\/parco-maremma.it\/?post_type=tribe_events&#038;p=57371"},"modified":"2026-01-20T18:47:10","modified_gmt":"2026-01-20T17:47:10","slug":"omaggio-a-ezio-bosso","status":"publish","type":"tribe_events","link":"https:\/\/parco-maremma.it\/en\/evento\/omaggio-a-ezio-bosso\/","title":{"rendered":"Omaggio a Ezio Bosso"},"content":{"rendered":"<p>Pomeriggio di musica al Parco della Maremma. <strong>Domenica 19 aprile<\/strong>, alle <strong>ore 18<\/strong>, al <strong>Granaio Lorenese<\/strong> di Spergolaia (Alberese, Grosseto) andr\u00e0 in scena \u201c<strong>Omaggio a Ezio Bosso<\/strong>\u201d con<strong> Anna Tifu<\/strong> (violino) e <strong>Sim\u00f3n Pavlov<\/strong> (direttore) in coproduzione con l\u2019<strong>Orchestra sinfonica Citt\u00e0 di Grosseto<\/strong>. Il concerto fa parte della rassegna \u201cLa voce di ogni strumento\u201d organizzata da <strong>Agimus Grosseto<\/strong>.<\/p>\n<p>Su Ezio Bosso, la violinista Anna Tifu racconta: \u201cLo vidi per la prima volta a Sanremo e rimasi colpita dalla sua storia. Cos\u00ec gli mandai una richiesta di amicizia su Facebook, alla quale lui rispose proponendomi di suonare ad un suo concerto. Da l\u00ec ha avuto inizio una stupenda amicizia. Avere avuto il privilegio di conoscere Ezio \u00e8 stata una delle cose pi\u00f9 belle che mi siano capitate. Il suo carisma e il suo amore incondizionato per la vita e per l\u2019arte mi accompagnano sempre\u201d.<\/p>\n<p>I biglietti per l\u2019evento, dedicato all\u2019associazione <strong>Skeep<\/strong>, possono essere acquistati su VIVATICKET a questo <a href=\"https:\/\/shop.vivaticket.com\/it\/sell\/?cmd=prices&amp;pcode=13557862&amp;tcode=vt0017529\">link<\/a>.<\/p>\n<p><strong>Costi del biglietto<\/strong><\/p>\n<ul>\n<li>Prezzo intero 20 \u20ac (+2 \u20ac di commissione)<\/li>\n<li>Prezzo ridotto per soci Conad 14 \u20ac (+1,40 \u20ac di commissione)<\/li>\n<li>Prezzo ridotto per over65 12 \u20ac (+1,20 \u20ac di commissione)<\/li>\n<li>Prezzo ridotto per under19 10 \u20ac (+1 \u20ac di commissione)<\/li>\n<\/ul>\n","protected":false},"excerpt":{"rendered":"<p>Pomeriggio di musica al Parco della Maremma. Domenica 19 aprile, alle ore 18, al Granaio Lorenese di Spergolaia (Alberese, Grosseto) andr\u00e0 in scena \u201cOmaggio a Ezio Bosso\u201d con Anna Tifu&#8230;<\/p>\n","protected":false},"author":22,"featured_media":57372,"template":"","meta":{"_uag_custom_page_level_css":"","_tribe_events_status":"","_tribe_events_status_reason":"","_tribe_events_is_hybrid":"","_tribe_events_is_virtual":"","_tribe_events_virtual_video_source":"","_tribe_events_virtual_embed_video":"","_tribe_events_virtual_linked_button_text":"","_tribe_events_virtual_linked_button":"","_tribe_events_virtual_show_embed_at":"","_tribe_events_virtual_show_embed_to":[],"_tribe_events_virtual_show_on_event":"","_tribe_events_virtual_show_on_views":"","_tribe_events_virtual_url":"","footnotes":""},"tags":[1173,1116,1119],"tribe_events_cat":[32],"class_list":["post-57371","tribe_events","type-tribe_events","status-publish","has-post-thumbnail","hentry","tag-concerto","tag-eventi","tag-parco-della-maremma","tribe_events_cat-evento","cat_evento"],"acf":[],"yoast_head":"<!-- This site is optimized with the Yoast SEO plugin v25.5 - https:\/\/yoast.com\/wordpress\/plugins\/seo\/ -->\n<title>Omaggio a Ezio Bosso - Parco Maremma<\/title>\n<meta name=\"description\" content=\"Domenica 19 aprile, alle ore 18, al Granaio Lorenese di Spergolaia andr\u00e0 in scena il concerto \u201cOmaggio a Ezio Bosso\u201d\" \/>\n<meta name=\"robots\" content=\"index, follow, max-snippet:-1, max-image-preview:large, max-video-preview:-1\" \/>\n<link rel=\"canonical\" href=\"https:\/\/parco-maremma.it\/evento\/omaggio-a-ezio-bosso\/\" \/>\n<meta property=\"og:locale\" content=\"en_US\" \/>\n<meta property=\"og:type\" content=\"article\" \/>\n<meta property=\"og:title\" content=\"Omaggio a Ezio Bosso - Parco Maremma\" \/>\n<meta property=\"og:description\" content=\"Domenica 19 aprile, alle ore 18, al Granaio Lorenese di Spergolaia andr\u00e0 in scena il concerto \u201cOmaggio a Ezio Bosso\u201d\" \/>\n<meta property=\"og:url\" content=\"https:\/\/parco-maremma.it\/evento\/omaggio-a-ezio-bosso\/\" \/>\n<meta property=\"og:site_name\" content=\"Parco Maremma\" \/>\n<meta property=\"article:publisher\" content=\"https:\/\/www.facebook.com\/parcodellamaremma\" \/>\n<meta property=\"og:image\" content=\"https:\/\/parco-maremma.it\/wp-content\/uploads\/2026\/01\/omaggio-a-ezio-bosso.jpeg\" \/>\n\t<meta property=\"og:image:width\" content=\"618\" \/>\n\t<meta property=\"og:image:height\" content=\"878\" \/>\n\t<meta property=\"og:image:type\" content=\"image\/jpeg\" \/>\n<meta name=\"twitter:card\" content=\"summary_large_image\" \/>\n<meta name=\"twitter:label1\" content=\"Est. reading time\" \/>\n\t<meta name=\"twitter:data1\" content=\"2 minutes\" \/>\n<script type=\"application\/ld+json\" class=\"yoast-schema-graph\">{\"@context\":\"https:\/\/schema.org\",\"@graph\":[{\"@type\":\"WebPage\",\"@id\":\"https:\/\/parco-maremma.it\/evento\/omaggio-a-ezio-bosso\/\",\"url\":\"https:\/\/parco-maremma.it\/evento\/omaggio-a-ezio-bosso\/\",\"name\":\"Omaggio a Ezio Bosso - Parco Maremma\",\"isPartOf\":{\"@id\":\"https:\/\/parco-maremma.it\/#website\"},\"primaryImageOfPage\":{\"@id\":\"https:\/\/parco-maremma.it\/evento\/omaggio-a-ezio-bosso\/#primaryimage\"},\"image\":{\"@id\":\"https:\/\/parco-maremma.it\/evento\/omaggio-a-ezio-bosso\/#primaryimage\"},\"thumbnailUrl\":\"https:\/\/parco-maremma.it\/wp-content\/uploads\/2026\/01\/omaggio-a-ezio-bosso.jpeg\",\"datePublished\":\"2026-01-20T17:47:10+00:00\",\"description\":\"Domenica 19 aprile, alle ore 18, al Granaio Lorenese di Spergolaia andr\u00e0 in scena il concerto \u201cOmaggio a Ezio Bosso\u201d\",\"breadcrumb\":{\"@id\":\"https:\/\/parco-maremma.it\/evento\/omaggio-a-ezio-bosso\/#breadcrumb\"},\"inLanguage\":\"en-US\",\"potentialAction\":[{\"@type\":\"ReadAction\",\"target\":[\"https:\/\/parco-maremma.it\/evento\/omaggio-a-ezio-bosso\/\"]}]},{\"@type\":\"ImageObject\",\"inLanguage\":\"en-US\",\"@id\":\"https:\/\/parco-maremma.it\/evento\/omaggio-a-ezio-bosso\/#primaryimage\",\"url\":\"https:\/\/parco-maremma.it\/wp-content\/uploads\/2026\/01\/omaggio-a-ezio-bosso.jpeg\",\"contentUrl\":\"https:\/\/parco-maremma.it\/wp-content\/uploads\/2026\/01\/omaggio-a-ezio-bosso.jpeg\",\"width\":618,\"height\":878},{\"@type\":\"BreadcrumbList\",\"@id\":\"https:\/\/parco-maremma.it\/evento\/omaggio-a-ezio-bosso\/#breadcrumb\",\"itemListElement\":[{\"@type\":\"ListItem\",\"position\":1,\"name\":\"Home\",\"item\":\"https:\/\/parco-maremma.it\/en\/home\/\"},{\"@type\":\"ListItem\",\"position\":2,\"name\":\"Events\",\"item\":\"https:\/\/parco-maremma.it\/en\/eventi\/\"},{\"@type\":\"ListItem\",\"position\":3,\"name\":\"Omaggio a Ezio Bosso\"}]},{\"@type\":\"WebSite\",\"@id\":\"https:\/\/parco-maremma.it\/#website\",\"url\":\"https:\/\/parco-maremma.it\/\",\"name\":\"Parco Maremma\",\"description\":\"Sito ufficiale del Parco Regionale della Maremma\",\"publisher\":{\"@id\":\"https:\/\/parco-maremma.it\/#organization\"},\"potentialAction\":[{\"@type\":\"SearchAction\",\"target\":{\"@type\":\"EntryPoint\",\"urlTemplate\":\"https:\/\/parco-maremma.it\/?s={search_term_string}\"},\"query-input\":{\"@type\":\"PropertyValueSpecification\",\"valueRequired\":true,\"valueName\":\"search_term_string\"}}],\"inLanguage\":\"en-US\"},{\"@type\":\"Organization\",\"@id\":\"https:\/\/parco-maremma.it\/#organization\",\"name\":\"Parco Maremma\",\"url\":\"https:\/\/parco-maremma.it\/\",\"logo\":{\"@type\":\"ImageObject\",\"inLanguage\":\"en-US\",\"@id\":\"https:\/\/parco-maremma.it\/#\/schema\/logo\/image\/\",\"url\":\"https:\/\/parco-maremma.it\/wp-content\/uploads\/2023\/12\/Logo-sito.png\",\"contentUrl\":\"https:\/\/parco-maremma.it\/wp-content\/uploads\/2023\/12\/Logo-sito.png\",\"width\":1000,\"height\":1000,\"caption\":\"Parco Maremma\"},\"image\":{\"@id\":\"https:\/\/parco-maremma.it\/#\/schema\/logo\/image\/\"},\"sameAs\":[\"https:\/\/www.facebook.com\/parcodellamaremma\",\"https:\/\/www.instagram.com\/parcomaremma\"]}]}<\/script>\n<!-- \/ Yoast SEO plugin. -->","yoast_head_json":{"title":"Omaggio a Ezio Bosso - Parco Maremma","description":"Domenica 19 aprile, alle ore 18, al Granaio Lorenese di Spergolaia andr\u00e0 in scena il concerto \u201cOmaggio a Ezio Bosso\u201d","robots":{"index":"index","follow":"follow","max-snippet":"max-snippet:-1","max-image-preview":"max-image-preview:large","max-video-preview":"max-video-preview:-1"},"canonical":"https:\/\/parco-maremma.it\/evento\/omaggio-a-ezio-bosso\/","og_locale":"en_US","og_type":"article","og_title":"Omaggio a Ezio Bosso - Parco Maremma","og_description":"Domenica 19 aprile, alle ore 18, al Granaio Lorenese di Spergolaia andr\u00e0 in scena il concerto \u201cOmaggio a Ezio Bosso\u201d","og_url":"https:\/\/parco-maremma.it\/evento\/omaggio-a-ezio-bosso\/","og_site_name":"Parco Maremma","article_publisher":"https:\/\/www.facebook.com\/parcodellamaremma","og_image":[{"width":618,"height":878,"url":"https:\/\/parco-maremma.it\/wp-content\/uploads\/2026\/01\/omaggio-a-ezio-bosso.jpeg","type":"image\/jpeg"}],"twitter_card":"summary_large_image","twitter_misc":{"Est. reading time":"2 minutes"},"schema":{"@context":"https:\/\/schema.org","@graph":[{"@type":"WebPage","@id":"https:\/\/parco-maremma.it\/evento\/omaggio-a-ezio-bosso\/","url":"https:\/\/parco-maremma.it\/evento\/omaggio-a-ezio-bosso\/","name":"Omaggio a Ezio Bosso - Parco Maremma","isPartOf":{"@id":"https:\/\/parco-maremma.it\/#website"},"primaryImageOfPage":{"@id":"https:\/\/parco-maremma.it\/evento\/omaggio-a-ezio-bosso\/#primaryimage"},"image":{"@id":"https:\/\/parco-maremma.it\/evento\/omaggio-a-ezio-bosso\/#primaryimage"},"thumbnailUrl":"https:\/\/parco-maremma.it\/wp-content\/uploads\/2026\/01\/omaggio-a-ezio-bosso.jpeg","datePublished":"2026-01-20T17:47:10+00:00","description":"Domenica 19 aprile, alle ore 18, al Granaio Lorenese di Spergolaia andr\u00e0 in scena il concerto \u201cOmaggio a Ezio Bosso\u201d","breadcrumb":{"@id":"https:\/\/parco-maremma.it\/evento\/omaggio-a-ezio-bosso\/#breadcrumb"},"inLanguage":"en-US","potentialAction":[{"@type":"ReadAction","target":["https:\/\/parco-maremma.it\/evento\/omaggio-a-ezio-bosso\/"]}]},{"@type":"ImageObject","inLanguage":"en-US","@id":"https:\/\/parco-maremma.it\/evento\/omaggio-a-ezio-bosso\/#primaryimage","url":"https:\/\/parco-maremma.it\/wp-content\/uploads\/2026\/01\/omaggio-a-ezio-bosso.jpeg","contentUrl":"https:\/\/parco-maremma.it\/wp-content\/uploads\/2026\/01\/omaggio-a-ezio-bosso.jpeg","width":618,"height":878},{"@type":"BreadcrumbList","@id":"https:\/\/parco-maremma.it\/evento\/omaggio-a-ezio-bosso\/#breadcrumb","itemListElement":[{"@type":"ListItem","position":1,"name":"Home","item":"https:\/\/parco-maremma.it\/en\/home\/"},{"@type":"ListItem","position":2,"name":"Events","item":"https:\/\/parco-maremma.it\/en\/eventi\/"},{"@type":"ListItem","position":3,"name":"Omaggio a Ezio Bosso"}]},{"@type":"WebSite","@id":"https:\/\/parco-maremma.it\/#website","url":"https:\/\/parco-maremma.it\/","name":"Parco Maremma","description":"Sito ufficiale del Parco Regionale della Maremma","publisher":{"@id":"https:\/\/parco-maremma.it\/#organization"},"potentialAction":[{"@type":"SearchAction","target":{"@type":"EntryPoint","urlTemplate":"https:\/\/parco-maremma.it\/?s={search_term_string}"},"query-input":{"@type":"PropertyValueSpecification","valueRequired":true,"valueName":"search_term_string"}}],"inLanguage":"en-US"},{"@type":"Organization","@id":"https:\/\/parco-maremma.it\/#organization","name":"Parco Maremma","url":"https:\/\/parco-maremma.it\/","logo":{"@type":"ImageObject","inLanguage":"en-US","@id":"https:\/\/parco-maremma.it\/#\/schema\/logo\/image\/","url":"https:\/\/parco-maremma.it\/wp-content\/uploads\/2023\/12\/Logo-sito.png","contentUrl":"https:\/\/parco-maremma.it\/wp-content\/uploads\/2023\/12\/Logo-sito.png","width":1000,"height":1000,"caption":"Parco Maremma"},"image":{"@id":"https:\/\/parco-maremma.it\/#\/schema\/logo\/image\/"},"sameAs":["https:\/\/www.facebook.com\/parcodellamaremma","https:\/\/www.instagram.com\/parcomaremma"]}]}},"uagb_featured_image_src":{"full":["https:\/\/parco-maremma.it\/wp-content\/uploads\/2026\/01\/omaggio-a-ezio-bosso.jpeg",618,878,false],"thumbnail":["https:\/\/parco-maremma.it\/wp-content\/uploads\/2026\/01\/omaggio-a-ezio-bosso-150x150.jpeg",150,150,true],"medium":["https:\/\/parco-maremma.it\/wp-content\/uploads\/2026\/01\/omaggio-a-ezio-bosso-211x300.jpeg",211,300,true],"large":["https:\/\/parco-maremma.it\/wp-content\/uploads\/2026\/01\/omaggio-a-ezio-bosso.jpeg",618,878,false],"us_400_200_crop":["https:\/\/parco-maremma.it\/wp-content\/uploads\/2026\/01\/omaggio-a-ezio-bosso-400x200.jpeg",400,200,true],"us_600_400_crop":["https:\/\/parco-maremma.it\/wp-content\/uploads\/2026\/01\/omaggio-a-ezio-bosso-600x400.jpeg",600,400,true],"us_1440_500_crop":["https:\/\/parco-maremma.it\/wp-content\/uploads\/2026\/01\/omaggio-a-ezio-bosso-618x500.jpeg",618,500,true]},"uagb_author_info":{"display_name":"Ufficio Stampa","author_link":"https:\/\/parco-maremma.it\/en\/author\/ufficio-stampa\/"},"uagb_comment_info":0,"uagb_excerpt":"Pomeriggio di musica al Parco della Maremma. Domenica 19 aprile, alle ore 18, al Granaio Lorenese di Spergolaia (Alberese, Grosseto) andr\u00e0 in scena \u201cOmaggio a Ezio Bosso\u201d con Anna Tifu...","_links":{"self":[{"href":"https:\/\/parco-maremma.it\/en\/wp-json\/wp\/v2\/tribe_events\/57371","targetHints":{"allow":["GET"]}}],"collection":[{"href":"https:\/\/parco-maremma.it\/en\/wp-json\/wp\/v2\/tribe_events"}],"about":[{"href":"https:\/\/parco-maremma.it\/en\/wp-json\/wp\/v2\/types\/tribe_events"}],"author":[{"embeddable":true,"href":"https:\/\/parco-maremma.it\/en\/wp-json\/wp\/v2\/users\/22"}],"version-history":[{"count":1,"href":"https:\/\/parco-maremma.it\/en\/wp-json\/wp\/v2\/tribe_events\/57371\/revisions"}],"predecessor-version":[{"id":57374,"href":"https:\/\/parco-maremma.it\/en\/wp-json\/wp\/v2\/tribe_events\/57371\/revisions\/57374"}],"wp:featuredmedia":[{"embeddable":true,"href":"https:\/\/parco-maremma.it\/en\/wp-json\/wp\/v2\/media\/57372"}],"wp:attachment":[{"href":"https:\/\/parco-maremma.it\/en\/wp-json\/wp\/v2\/media?parent=57371"}],"wp:term":[{"taxonomy":"post_tag","embeddable":true,"href":"https:\/\/parco-maremma.it\/en\/wp-json\/wp\/v2\/tags?post=57371"},{"taxonomy":"tribe_events_cat","embeddable":true,"href":"https:\/\/parco-maremma.it\/en\/wp-json\/wp\/v2\/tribe_events_cat?post=57371"}],"curies":[{"name":"wp","href":"https:\/\/api.w.org\/{rel}","templated":true}]}}